{"id":2116,"date":"2023-08-10T11:22:03","date_gmt":"2023-08-10T11:22:03","guid":{"rendered":"https:\/\/www.dronesfera.com\/?page_id=2116"},"modified":"2023-08-29T01:11:14","modified_gmt":"2023-08-29T01:11:14","slug":"fotografia-aerea","status":"publish","type":"page","link":"https:\/\/www.dronesfera.com\/ca\/fotografia-aerea\/","title":{"rendered":"Fotografia A\u00e8ria"},"content":{"rendered":"<div data-elementor-type=\"wp-page\" data-elementor-id=\"2116\" class=\"elementor elementor-2116\">\n\t\t\t\t\t\t<section class=\"elementor-section elementor-top-section elementor-element elementor-element-17c3d13 elementor-section-boxed elementor-section-height-default elementor-section-height-default wpr-particle-no wpr-jarallax-no wpr-parallax-no wpr-sticky-section-no\" data-id=\"17c3d13\" data-element_type=\"section\" data-settings=\"{&quot;background_background&quot;:&quot;classic&quot;}\">\n\t\t\t\t\t\t\t<div class=\"elementor-background-overlay\"><\/div>\n\t\t\t\t\t\t\t<div class=\"elementor-container elementor-column-gap-default\">\n\t\t\t\t\t<div class=\"elementor-column elementor-col-100 elementor-top-column elementor-element elementor-element-629b6d86\" data-id=\"629b6d86\" data-element_type=\"column\">\n\t\t\t<div class=\"elementor-widget-wrap elementor-element-populated\">\n\t\t\t\t\t\t<div class=\"elementor-element elementor-element-5d75f858 de_scroll_animation_no elementor-invisible elementor-widget elementor-widget-heading\" data-id=\"5d75f858\" data-element_type=\"widget\" data-settings=\"{&quot;_animation&quot;:&quot;fadeInUp&quot;}\" data-widget_type=\"heading.default\">\n\t\t\t\t\t<h1 class=\"elementor-heading-title elementor-size-large\">Empresa de fotograf\u00eda a\u00e9rea con drones\n<\/h1>\t\t\t\t<\/div>\n\t\t\t\t<div class=\"elementor-element elementor-element-be167e3 de_scroll_animation_no elementor-invisible elementor-widget elementor-widget-heading\" data-id=\"be167e3\" data-element_type=\"widget\" data-settings=\"{&quot;_animation&quot;:&quot;fadeInLeft&quot;}\" data-widget_type=\"heading.default\">\n\t\t\t\t\t<h2 class=\"elementor-heading-title elementor-size-medium\">Empresa de fotograf\u00eda a\u00e9rea con drones<\/h2>\t\t\t\t<\/div>\n\t\t\t\t\t<\/div>\n\t\t<\/div>\n\t\t\t\t\t<\/div>\n\t\t<\/section>\n\t\t\t\t<section class=\"elementor-section elementor-top-section elementor-element elementor-element-4cffd247 elementor-section-boxed elementor-section-height-default elementor-section-height-default wpr-particle-no wpr-jarallax-no wpr-parallax-no wpr-sticky-section-no\" data-id=\"4cffd247\" data-element_type=\"section\">\n\t\t\t\t\t\t<div class=\"elementor-container elementor-column-gap-default\">\n\t\t\t\t\t<div class=\"elementor-column elementor-col-100 elementor-top-column elementor-element elementor-element-427a36f3\" data-id=\"427a36f3\" data-element_type=\"column\">\n\t\t\t<div class=\"elementor-widget-wrap elementor-element-populated\">\n\t\t\t\t\t\t<section class=\"elementor-section elementor-inner-section elementor-element elementor-element-60f918bf elementor-section-boxed elementor-section-height-default elementor-section-height-default wpr-particle-no wpr-jarallax-no wpr-parallax-no wpr-sticky-section-no\" data-id=\"60f918bf\" data-element_type=\"section\">\n\t\t\t\t\t\t<div class=\"elementor-container elementor-column-gap-default\">\n\t\t\t\t\t<div class=\"elementor-column elementor-col-50 elementor-inner-column elementor-element elementor-element-3ca36620\" data-id=\"3ca36620\" data-element_type=\"column\">\n\t\t\t<div class=\"elementor-widget-wrap elementor-element-populated\">\n\t\t\t\t\t\t<div class=\"elementor-element elementor-element-6949663 de_scroll_animation_no elementor-invisible elementor-widget elementor-widget-heading\" data-id=\"6949663\" data-element_type=\"widget\" data-settings=\"{&quot;_animation&quot;:&quot;fadeInLeft&quot;}\" data-widget_type=\"heading.default\">\n\t\t\t\t\t<h2 class=\"elementor-heading-title elementor-size-default\">Fotografies a\u00e8ries amb drone<\/h2>\t\t\t\t<\/div>\n\t\t\t\t<div class=\"elementor-element elementor-element-422a6a4c de_scroll_animation_no elementor-invisible elementor-widget elementor-widget-elementskit-heading\" data-id=\"422a6a4c\" data-element_type=\"widget\" data-settings=\"{&quot;_animation&quot;:&quot;fadeInLeft&quot;,&quot;_animation_delay&quot;:240}\" data-widget_type=\"elementskit-heading.default\">\n\t\t\t\t\t<div class=\"ekit-wid-con\" ><div class=\"ekit-heading elementskit-section-title-wraper text_left   ekit_heading_tablet-   ekit_heading_mobile-\"><div class=\"ekit-heading--title elementskit-section-title\"> Una marca ha de transmetre confian\u00e7a a trav\u00e9s dels seus productes o serveis i aconseguir-ho es potencia amb una imatge professional. La imatge de marca fusiona all\u00f2 racional i emocional, destacant qualitats \u00faniques per destacar en un mercat competitiu. La primera impressi\u00f3 \u00e9s crucial, i res no captura l'atenci\u00f3 com les fotos amb drones. A m\u00e9s, els drones s\u00f3n ideals per a enregistraments corporatius, apropant la marca al seu p\u00fablic. Potencia la teva imatge amb drones, connecta de manera \u00fanica i destaca entre la compet\u00e8ncia.<\/div><div class=\"ekit_heading_separetor_wraper ekit_heading_elementskit-border-divider ekit-dotted\"><div class=\"elementskit-border-divider ekit-dotted\"><\/div><\/div><\/div><\/div>\t\t\t\t<\/div>\n\t\t\t\t\t<\/div>\n\t\t<\/div>\n\t\t\t\t<div class=\"elementor-column elementor-col-50 elementor-inner-column elementor-element elementor-element-55bffa34\" data-id=\"55bffa34\" data-element_type=\"column\">\n\t\t\t<div class=\"elementor-widget-wrap elementor-element-populated\">\n\t\t\t\t\t\t<div class=\"elementor-element elementor-element-f81171f de_scroll_animation_no elementor-invisible elementor-widget elementor-widget-heading\" data-id=\"f81171f\" data-element_type=\"widget\" data-settings=\"{&quot;_animation&quot;:&quot;fadeInLeft&quot;}\" data-widget_type=\"heading.default\">\n\t\t\t\t\t<h2 class=\"elementor-heading-title elementor-size-default\">Fotografia corporativa amb drone<\/h2>\t\t\t\t<\/div>\n\t\t\t\t<div class=\"elementor-element elementor-element-767234f de_scroll_animation_no elementor-invisible elementor-widget elementor-widget-heading\" data-id=\"767234f\" data-element_type=\"widget\" data-settings=\"{&quot;_animation&quot;:&quot;fadeInLeft&quot;}\" data-widget_type=\"heading.default\">\n\t\t\t\t\t<h3 class=\"elementor-heading-title elementor-size-medium\">Per qu\u00e8 fer fotos corporatives amb drones?<\/h3>\t\t\t\t<\/div>\n\t\t\t\t<div class=\"elementor-element elementor-element-1cb68f5b de_scroll_animation_no elementor-widget elementor-widget-text-editor\" data-id=\"1cb68f5b\" data-element_type=\"widget\" data-widget_type=\"text-editor.default\">\n\t\t\t\t\t\t\t\t\t<p>Forjar una marca abasta m\u00faltiples facetes del negoci i abra\u00e7a diverses t\u00e0ctiques. La promoci\u00f3 de marca \u00e9s un pilar estrat\u00e8gic dins del pla de m\u00e0rqueting, on imatges de qualitat s\u00f3n vitals per comunicar els avantatges competitius dels teus serveis davant d'altres prove\u00efdors.<\/p>\t\t\t\t\t\t\t\t<\/div>\n\t\t\t\t\t<\/div>\n\t\t<\/div>\n\t\t\t\t\t<\/div>\n\t\t<\/section>\n\t\t\t\t<div class=\"elementor-element elementor-element-e687e32 de_scroll_animation_no elementor-invisible elementor-widget elementor-widget-image\" data-id=\"e687e32\" data-element_type=\"widget\" data-settings=\"{&quot;_animation&quot;:&quot;fadeInUp&quot;}\" data-widget_type=\"image.default\">\n\t\t\t\t\t\t\t\t\t\t\t\t\t\t\t<img fetchpriority=\"high\" decoding=\"async\" width=\"1120\" height=\"500\" src=\"https:\/\/www.dronesfera.com\/wp-content\/uploads\/2023\/08\/13082023-DJI_0963-1.jpg\" class=\"attachment-full size-full wp-image-2625\" alt=\"\" srcset=\"https:\/\/www.dronesfera.com\/wp-content\/uploads\/2023\/08\/13082023-DJI_0963-1.jpg 1120w, https:\/\/www.dronesfera.com\/wp-content\/uploads\/2023\/08\/13082023-DJI_0963-1-300x134.jpg 300w, https:\/\/www.dronesfera.com\/wp-content\/uploads\/2023\/08\/13082023-DJI_0963-1-1024x457.jpg 1024w, https:\/\/www.dronesfera.com\/wp-content\/uploads\/2023\/08\/13082023-DJI_0963-1-768x343.jpg 768w, https:\/\/www.dronesfera.com\/wp-content\/uploads\/2023\/08\/13082023-DJI_0963-1-570x254.jpg 570w\" sizes=\"(max-width: 1120px) 100vw, 1120px\" \/>\t\t\t\t\t\t\t\t\t\t\t\t\t\t\t<\/div>\n\t\t\t\t\t<\/div>\n\t\t<\/div>\n\t\t\t\t\t<\/div>\n\t\t<\/section>\n\t\t\t\t<section class=\"elementor-section elementor-top-section elementor-element elementor-element-7a837de elementor-reverse-mobile elementor-section-boxed elementor-section-height-default elementor-section-height-default wpr-particle-no wpr-jarallax-no wpr-parallax-no wpr-sticky-section-no\" data-id=\"7a837de\" data-element_type=\"section\">\n\t\t\t\t\t\t<div class=\"elementor-container elementor-column-gap-default\">\n\t\t\t\t\t<div class=\"elementor-column elementor-col-50 elementor-top-column elementor-element elementor-element-48a73ce\" data-id=\"48a73ce\" data-element_type=\"column\">\n\t\t\t<div class=\"elementor-widget-wrap elementor-element-populated\">\n\t\t\t\t\t\t<div class=\"elementor-element elementor-element-c8f1b09 de_scroll_animation_no elementor-invisible elementor-widget elementor-widget-image\" data-id=\"c8f1b09\" data-element_type=\"widget\" data-settings=\"{&quot;_animation&quot;:&quot;fadeInLeft&quot;}\" data-widget_type=\"image.default\">\n\t\t\t\t\t\t\t\t\t\t\t\t\t\t\t<img decoding=\"async\" width=\"550\" height=\"350\" src=\"https:\/\/www.dronesfera.com\/wp-content\/uploads\/2023\/08\/12082023-DJI_0956.jpg\" class=\"attachment-full size-full wp-image-2531\" alt=\"\" srcset=\"https:\/\/www.dronesfera.com\/wp-content\/uploads\/2023\/08\/12082023-DJI_0956.jpg 550w, https:\/\/www.dronesfera.com\/wp-content\/uploads\/2023\/08\/12082023-DJI_0956-300x191.jpg 300w\" sizes=\"(max-width: 550px) 100vw, 550px\" loading=\"lazy\" \/>\t\t\t\t\t\t\t\t\t\t\t\t\t\t\t<\/div>\n\t\t\t\t\t<\/div>\n\t\t<\/div>\n\t\t\t\t<div class=\"elementor-column elementor-col-50 elementor-top-column elementor-element elementor-element-f4b049e\" data-id=\"f4b049e\" data-element_type=\"column\">\n\t\t\t<div class=\"elementor-widget-wrap elementor-element-populated\">\n\t\t\t\t\t\t<div class=\"elementor-element elementor-element-3e16c20 de_scroll_animation_no elementor-invisible elementor-widget elementor-widget-heading\" data-id=\"3e16c20\" data-element_type=\"widget\" data-settings=\"{&quot;_animation&quot;:&quot;fadeInUp&quot;}\" data-widget_type=\"heading.default\">\n\t\t\t\t\t<h2 class=\"elementor-heading-title elementor-size-large\">Contractar Fotografies a\u00e8ries amb drones \u00e9s una gran opci\u00f3<\/h2>\t\t\t\t<\/div>\n\t\t\t\t<div class=\"elementor-element elementor-element-7a872d6 de_scroll_animation_no elementor-invisible elementor-widget elementor-widget-heading\" data-id=\"7a872d6\" data-element_type=\"widget\" data-settings=\"{&quot;_animation&quot;:&quot;fadeInUp&quot;,&quot;_animation_delay&quot;:240}\" data-widget_type=\"heading.default\">\n\t\t\t\t\t<h3 class=\"elementor-heading-title elementor-size-small\">La fotografia a\u00e8ria amb dron d\u00f3na una perspectiva diferent<\/h3>\t\t\t\t<\/div>\n\t\t\t\t<div class=\"elementor-element elementor-element-07a8828 de_scroll_animation_no elementor-widget elementor-widget-text-editor\" data-id=\"07a8828\" data-element_type=\"widget\" data-widget_type=\"text-editor.default\">\n\t\t\t\t\t\t\t\t\t<p>V\u00eddeo amb drone o fotografies a\u00e8ries? Lelecci\u00f3 dep\u00e8n del teu objectiu. El v\u00eddeo aporta moviment i narrativa, ideal per a presentacions din\u00e0miques. Les fotografies a\u00e8ries capturen moments est\u00e0tics des de dalt, perfectes per ressaltar detalls. Si busques explicar una hist\u00f2ria, el v\u00eddeo \u00e9s el teu aliat. Per capturar instant\u00e0nies impactants, les fotografies a\u00e8ries s\u00f3n lopci\u00f3. Combina'ls segons la teva visi\u00f3 i crea contingut \u00fanic!<\/p>\t\t\t\t\t\t\t\t<\/div>\n\t\t\t\t\t<\/div>\n\t\t<\/div>\n\t\t\t\t\t<\/div>\n\t\t<\/section>\n\t\t\t\t<section class=\"elementor-section elementor-top-section elementor-element elementor-element-72c1c34 elementor-reverse-mobile elementor-section-boxed elementor-section-height-default elementor-section-height-default wpr-particle-no wpr-jarallax-no wpr-parallax-no wpr-sticky-section-no\" data-id=\"72c1c34\" data-element_type=\"section\">\n\t\t\t\t\t\t<div class=\"elementor-container elementor-column-gap-default\">\n\t\t\t\t\t<div class=\"elementor-column elementor-col-50 elementor-top-column elementor-element elementor-element-0ecd497\" data-id=\"0ecd497\" data-element_type=\"column\">\n\t\t\t<div class=\"elementor-widget-wrap elementor-element-populated\">\n\t\t\t\t\t\t<div class=\"elementor-element elementor-element-d35ccfa de_scroll_animation_no elementor-invisible elementor-widget elementor-widget-heading\" data-id=\"d35ccfa\" data-element_type=\"widget\" data-settings=\"{&quot;_animation&quot;:&quot;fadeInUp&quot;}\" data-widget_type=\"heading.default\">\n\t\t\t\t\t<h2 class=\"elementor-heading-title elementor-size-large\">Fotografia corporativa amb dron al millor preu<\/h2>\t\t\t\t<\/div>\n\t\t\t\t<div class=\"elementor-element elementor-element-3b61b7c de_scroll_animation_no elementor-invisible elementor-widget elementor-widget-heading\" data-id=\"3b61b7c\" data-element_type=\"widget\" data-settings=\"{&quot;_animation&quot;:&quot;fadeInUp&quot;,&quot;_animation_delay&quot;:240}\" data-widget_type=\"heading.default\">\n\t\t\t\t\t<h3 class=\"elementor-heading-title elementor-size-small\">Les fotografies a\u00e8ries corporatives elevaran el teu negoci<\/h3>\t\t\t\t<\/div>\n\t\t\t\t<div class=\"elementor-element elementor-element-0b6571c de_scroll_animation_no elementor-widget elementor-widget-text-editor\" data-id=\"0b6571c\" data-element_type=\"widget\" data-widget_type=\"text-editor.default\">\n\t\t\t\t\t\t\t\t\t<p>La fotografia a\u00e8ria corporativa ofereix una perspectiva \u00fanica i captivadora de la teva empresa. Captura la grandesa d'instal\u00b7lacions, l'arquitectura i l'extensi\u00f3 d'operacions de manera impressionant. Aquestes imatges reflecteixen professionalisme i visi\u00f3 estrat\u00e8gica, transmetent confian\u00e7a i solidesa als teus clients i socis. A m\u00e9s, s\u00f3n ideals per presentar projectes, documentar aven\u00e7os en obres, ressaltar ubicacions estrat\u00e8giques i crear una imatge diferenciada al mercat. La fotografia a\u00e8ria corporativa no nom\u00e9s ofereix una ullada excepcional, sin\u00f3 que tamb\u00e9 mostra el comprom\u00eds de la teva empresa amb la innovaci\u00f3 i el dinamisme en la comunicaci\u00f3 visual.<\/p>\t\t\t\t\t\t\t\t<\/div>\n\t\t\t\t\t<\/div>\n\t\t<\/div>\n\t\t\t\t<div class=\"elementor-column elementor-col-50 elementor-top-column elementor-element elementor-element-b0d3850\" data-id=\"b0d3850\" data-element_type=\"column\">\n\t\t\t<div class=\"elementor-widget-wrap elementor-element-populated\">\n\t\t\t\t\t\t<div class=\"elementor-element elementor-element-80e455b de_scroll_animation_no elementor-invisible elementor-widget elementor-widget-image\" data-id=\"80e455b\" data-element_type=\"widget\" data-settings=\"{&quot;_animation&quot;:&quot;fadeInLeft&quot;}\" data-widget_type=\"image.default\">\n\t\t\t\t\t\t\t\t\t\t\t\t\t\t\t<img decoding=\"async\" width=\"1280\" height=\"852\" src=\"https:\/\/www.dronesfera.com\/wp-content\/uploads\/2023\/08\/wheat-farmer-using-drone-remote-controller-in-wheatgrass-field-aerial.jpg\" class=\"attachment-full size-full wp-image-2142\" alt=\"\" srcset=\"https:\/\/www.dronesfera.com\/wp-content\/uploads\/2023\/08\/wheat-farmer-using-drone-remote-controller-in-wheatgrass-field-aerial.jpg 1280w, https:\/\/www.dronesfera.com\/wp-content\/uploads\/2023\/08\/wheat-farmer-using-drone-remote-controller-in-wheatgrass-field-aerial-300x200.jpg 300w, https:\/\/www.dronesfera.com\/wp-content\/uploads\/2023\/08\/wheat-farmer-using-drone-remote-controller-in-wheatgrass-field-aerial-1024x682.jpg 1024w, https:\/\/www.dronesfera.com\/wp-content\/uploads\/2023\/08\/wheat-farmer-using-drone-remote-controller-in-wheatgrass-field-aerial-768x511.jpg 768w, https:\/\/www.dronesfera.com\/wp-content\/uploads\/2023\/08\/wheat-farmer-using-drone-remote-controller-in-wheatgrass-field-aerial-570x379.jpg 570w\" sizes=\"(max-width: 1280px) 100vw, 1280px\" loading=\"lazy\" \/>\t\t\t\t\t\t\t\t\t\t\t\t\t\t\t<\/div>\n\t\t\t\t\t<\/div>\n\t\t<\/div>\n\t\t\t\t\t<\/div>\n\t\t<\/section>\n\t\t\t\t<section class=\"elementor-section elementor-top-section elementor-element elementor-element-a589068 elementor-reverse-mobile elementor-section-boxed elementor-section-height-default elementor-section-height-default wpr-particle-no wpr-jarallax-no wpr-parallax-no wpr-sticky-section-no\" data-id=\"a589068\" data-element_type=\"section\">\n\t\t\t\t\t\t<div class=\"elementor-container elementor-column-gap-default\">\n\t\t\t\t\t<div class=\"elementor-column elementor-col-50 elementor-top-column elementor-element elementor-element-7f6d8d8\" data-id=\"7f6d8d8\" data-element_type=\"column\">\n\t\t\t<div class=\"elementor-widget-wrap elementor-element-populated\">\n\t\t\t\t\t\t<div class=\"elementor-element elementor-element-9708082 de_scroll_animation_no elementor-invisible elementor-widget elementor-widget-image\" data-id=\"9708082\" data-element_type=\"widget\" data-settings=\"{&quot;_animation&quot;:&quot;fadeInLeft&quot;}\" data-widget_type=\"image.default\">\n\t\t\t\t\t\t\t\t\t\t\t\t\t\t\t<img loading=\"lazy\" decoding=\"async\" width=\"1280\" height=\"959\" src=\"https:\/\/www.dronesfera.com\/wp-content\/uploads\/2023\/08\/aerial-view-of-road-going-along-ocean-or-sea-in-italy.jpg\" class=\"attachment-full size-full wp-image-2135\" alt=\"\" srcset=\"https:\/\/www.dronesfera.com\/wp-content\/uploads\/2023\/08\/aerial-view-of-road-going-along-ocean-or-sea-in-italy.jpg 1280w, https:\/\/www.dronesfera.com\/wp-content\/uploads\/2023\/08\/aerial-view-of-road-going-along-ocean-or-sea-in-italy-300x225.jpg 300w, https:\/\/www.dronesfera.com\/wp-content\/uploads\/2023\/08\/aerial-view-of-road-going-along-ocean-or-sea-in-italy-1024x767.jpg 1024w, https:\/\/www.dronesfera.com\/wp-content\/uploads\/2023\/08\/aerial-view-of-road-going-along-ocean-or-sea-in-italy-768x575.jpg 768w, https:\/\/www.dronesfera.com\/wp-content\/uploads\/2023\/08\/aerial-view-of-road-going-along-ocean-or-sea-in-italy-570x427.jpg 570w\" sizes=\"(max-width: 1280px) 100vw, 1280px\" \/>\t\t\t\t\t\t\t\t\t\t\t\t\t\t\t<\/div>\n\t\t\t\t\t<\/div>\n\t\t<\/div>\n\t\t\t\t<div class=\"elementor-column elementor-col-50 elementor-top-column elementor-element elementor-element-9220034\" data-id=\"9220034\" data-element_type=\"column\">\n\t\t\t<div class=\"elementor-widget-wrap elementor-element-populated\">\n\t\t\t\t\t\t<div class=\"elementor-element elementor-element-2bea8e3 de_scroll_animation_no elementor-invisible elementor-widget elementor-widget-heading\" data-id=\"2bea8e3\" data-element_type=\"widget\" data-settings=\"{&quot;_animation&quot;:&quot;fadeInUp&quot;}\" data-widget_type=\"heading.default\">\n\t\t\t\t\t<h2 class=\"elementor-heading-title elementor-size-large\">Fotografia per a empreses amb drone al millor preu<\/h2>\t\t\t\t<\/div>\n\t\t\t\t<div class=\"elementor-element elementor-element-9a813a4 de_scroll_animation_no elementor-invisible elementor-widget elementor-widget-heading\" data-id=\"9a813a4\" data-element_type=\"widget\" data-settings=\"{&quot;_animation&quot;:&quot;fadeInUp&quot;,&quot;_animation_delay&quot;:240}\" data-widget_type=\"heading.default\">\n\t\t\t\t\t<h3 class=\"elementor-heading-title elementor-size-small\">Les fotografies a\u00e8ries corporatives elevaran el teu negoci<\/h3>\t\t\t\t<\/div>\n\t\t\t\t<div class=\"elementor-element elementor-element-27fccb2 de_scroll_animation_no elementor-widget elementor-widget-text-editor\" data-id=\"27fccb2\" data-element_type=\"widget\" data-widget_type=\"text-editor.default\">\n\t\t\t\t\t\t\t\t\t<p>Empreses solen assignar fons per a la seva imatge corporativa, i aqu\u00ed \u00e9s on les fotos amb drones poden marcar difer\u00e8ncies. Si busques un enfocament distintiu per als teus serveis, prens a\u00e8ries maximitzen les teves qualitats. Et recomanem invertir conscients del seu gran retorn.<\/p><p>T\u00e8cnicament, imatge corporativa s\u00f3n percepcions, conceptes i est\u00edmuls que destaquen a un mercat. Crea personalitat \u00fanica recorrent a fotos dronils, mostrant modernitat i adaptaci\u00f3. Desperta inter\u00e8s i obre portes amb aquest enfocament de m\u00e0rqueting avan\u00e7at.<\/p>\t\t\t\t\t\t\t\t<\/div>\n\t\t\t\t\t<\/div>\n\t\t<\/div>\n\t\t\t\t\t<\/div>\n\t\t<\/section>\n\t\t\t\t<section class=\"elementor-section elementor-top-section elementor-element elementor-element-373309d elementor-reverse-mobile elementor-section-boxed elementor-section-height-default elementor-section-height-default wpr-particle-no wpr-jarallax-no wpr-parallax-no wpr-sticky-section-no\" data-id=\"373309d\" data-element_type=\"section\">\n\t\t\t\t\t\t<div class=\"elementor-container elementor-column-gap-default\">\n\t\t\t\t\t<div class=\"elementor-column elementor-col-50 elementor-top-column elementor-element elementor-element-9d583d7\" data-id=\"9d583d7\" data-element_type=\"column\">\n\t\t\t<div class=\"elementor-widget-wrap elementor-element-populated\">\n\t\t\t\t\t\t<div class=\"elementor-element elementor-element-e934fba de_scroll_animation_no elementor-invisible elementor-widget elementor-widget-heading\" data-id=\"e934fba\" data-element_type=\"widget\" data-settings=\"{&quot;_animation&quot;:&quot;fadeInUp&quot;}\" data-widget_type=\"heading.default\">\n\t\t\t\t\t<h2 class=\"elementor-heading-title elementor-size-large\">Fotografia amb drones per a ind\u00fastries <\/h2>\t\t\t\t<\/div>\n\t\t\t\t<div class=\"elementor-element elementor-element-ff6a0f1 de_scroll_animation_no elementor-invisible elementor-widget elementor-widget-heading\" data-id=\"ff6a0f1\" data-element_type=\"widget\" data-settings=\"{&quot;_animation&quot;:&quot;fadeInUp&quot;,&quot;_animation_delay&quot;:240}\" data-widget_type=\"heading.default\">\n\t\t\t\t\t<h3 class=\"elementor-heading-title elementor-size-small\">Fotografia industrial amb drone<\/h3>\t\t\t\t<\/div>\n\t\t\t\t<div class=\"elementor-element elementor-element-b428434 de_scroll_animation_no elementor-widget elementor-widget-text-editor\" data-id=\"b428434\" data-element_type=\"widget\" data-widget_type=\"text-editor.default\">\n\t\t\t\t\t\t\t\t\t<p>A l'impressionant auge dels drones, la gravaci\u00f3 a\u00e8ria aporta una nova perspectiva al desenvolupament de construccions. Aquest sector, arrelat a Espanya, aprofita els avantatges dronils. Els pl\u00e0nols aeris abasten des de l'estructural fins a la seguretat laboral, crucial aqu\u00ed.<\/p><p>Els aven\u00e7os tecnol\u00f2gics transformen la filmaci\u00f3 i la nostra empresa els integra en drones. Encara que helic\u00f2pters han estat usats, els drones s\u00f3n vers\u00e0tils i accessibles. Arriben on helic\u00f2pters no poden ia menys cost.<\/p>\t\t\t\t\t\t\t\t<\/div>\n\t\t\t\t\t<\/div>\n\t\t<\/div>\n\t\t\t\t<div class=\"elementor-column elementor-col-50 elementor-top-column elementor-element elementor-element-a006421\" data-id=\"a006421\" data-element_type=\"column\">\n\t\t\t<div class=\"elementor-widget-wrap elementor-element-populated\">\n\t\t\t\t\t\t<div class=\"elementor-element elementor-element-a70f3d0 de_scroll_animation_no elementor-invisible elementor-widget elementor-widget-image\" data-id=\"a70f3d0\" data-element_type=\"widget\" data-settings=\"{&quot;_animation&quot;:&quot;fadeInLeft&quot;}\" data-widget_type=\"image.default\">\n\t\t\t\t\t\t\t\t\t\t\t\t\t\t\t<img loading=\"lazy\" decoding=\"async\" width=\"2400\" height=\"1600\" src=\"https:\/\/www.dronesfera.com\/wp-content\/uploads\/2023\/08\/man-control-drone-with-remote-in-flower-field-UKJHN78.jpg\" class=\"attachment-full size-full wp-image-1477\" alt=\"\" srcset=\"https:\/\/www.dronesfera.com\/wp-content\/uploads\/2023\/08\/man-control-drone-with-remote-in-flower-field-UKJHN78.jpg 2400w, https:\/\/www.dronesfera.com\/wp-content\/uploads\/2023\/08\/man-control-drone-with-remote-in-flower-field-UKJHN78-300x200.jpg 300w, https:\/\/www.dronesfera.com\/wp-content\/uploads\/2023\/08\/man-control-drone-with-remote-in-flower-field-UKJHN78-1024x683.jpg 1024w, https:\/\/www.dronesfera.com\/wp-content\/uploads\/2023\/08\/man-control-drone-with-remote-in-flower-field-UKJHN78-768x512.jpg 768w, https:\/\/www.dronesfera.com\/wp-content\/uploads\/2023\/08\/man-control-drone-with-remote-in-flower-field-UKJHN78-1536x1024.jpg 1536w, https:\/\/www.dronesfera.com\/wp-content\/uploads\/2023\/08\/man-control-drone-with-remote-in-flower-field-UKJHN78-2048x1365.jpg 2048w, https:\/\/www.dronesfera.com\/wp-content\/uploads\/2023\/08\/man-control-drone-with-remote-in-flower-field-UKJHN78-570x380.jpg 570w\" sizes=\"(max-width: 2400px) 100vw, 2400px\" \/>\t\t\t\t\t\t\t\t\t\t\t\t\t\t\t<\/div>\n\t\t\t\t\t<\/div>\n\t\t<\/div>\n\t\t\t\t\t<\/div>\n\t\t<\/section>\n\t\t\t\t<section class=\"elementor-section elementor-top-section elementor-element elementor-element-d3ad104 elementor-reverse-mobile elementor-section-boxed elementor-section-height-default elementor-section-height-default wpr-particle-no wpr-jarallax-no wpr-parallax-no wpr-sticky-section-no\" data-id=\"d3ad104\" data-element_type=\"section\">\n\t\t\t\t\t\t<div class=\"elementor-container elementor-column-gap-default\">\n\t\t\t\t\t<div class=\"elementor-column elementor-col-50 elementor-top-column elementor-element elementor-element-adc1229\" data-id=\"adc1229\" data-element_type=\"column\">\n\t\t\t<div class=\"elementor-widget-wrap elementor-element-populated\">\n\t\t\t\t\t\t<div class=\"elementor-element elementor-element-a29c0f4 de_scroll_animation_no elementor-invisible elementor-widget elementor-widget-image\" data-id=\"a29c0f4\" data-element_type=\"widget\" data-settings=\"{&quot;_animation&quot;:&quot;fadeInLeft&quot;}\" data-widget_type=\"image.default\">\n\t\t\t\t\t\t\t\t\t\t\t\t\t\t\t<img loading=\"lazy\" decoding=\"async\" width=\"550\" height=\"500\" src=\"https:\/\/www.dronesfera.com\/wp-content\/uploads\/2023\/08\/construction-site-at-sunset-2021-12-09-05-28-37-utc.jpg\" class=\"attachment-full size-full wp-image-2673\" alt=\"\" srcset=\"https:\/\/www.dronesfera.com\/wp-content\/uploads\/2023\/08\/construction-site-at-sunset-2021-12-09-05-28-37-utc.jpg 550w, https:\/\/www.dronesfera.com\/wp-content\/uploads\/2023\/08\/construction-site-at-sunset-2021-12-09-05-28-37-utc-300x273.jpg 300w\" sizes=\"(max-width: 550px) 100vw, 550px\" \/>\t\t\t\t\t\t\t\t\t\t\t\t\t\t\t<\/div>\n\t\t\t\t\t<\/div>\n\t\t<\/div>\n\t\t\t\t<div class=\"elementor-column elementor-col-50 elementor-top-column elementor-element elementor-element-da3d445\" data-id=\"da3d445\" data-element_type=\"column\">\n\t\t\t<div class=\"elementor-widget-wrap elementor-element-populated\">\n\t\t\t\t\t\t<div class=\"elementor-element elementor-element-aa91d34 de_scroll_animation_no elementor-invisible elementor-widget elementor-widget-heading\" data-id=\"aa91d34\" data-element_type=\"widget\" data-settings=\"{&quot;_animation&quot;:&quot;fadeInUp&quot;}\" data-widget_type=\"heading.default\">\n\t\t\t\t\t<h2 class=\"elementor-heading-title elementor-size-large\">Fotografia per a seguiment d'obres amb drones<\/h2>\t\t\t\t<\/div>\n\t\t\t\t<div class=\"elementor-element elementor-element-2e5258b de_scroll_animation_no elementor-invisible elementor-widget elementor-widget-heading\" data-id=\"2e5258b\" data-element_type=\"widget\" data-settings=\"{&quot;_animation&quot;:&quot;fadeInUp&quot;,&quot;_animation_delay&quot;:240}\" data-widget_type=\"heading.default\">\n\t\t\t\t\t<h3 class=\"elementor-heading-title elementor-size-small\">Fotografia amb drones per al seguiment d'obres \u00e9s impressionant<\/h3>\t\t\t\t<\/div>\n\t\t\t\t<div class=\"elementor-element elementor-element-c817d29 de_scroll_animation_no elementor-widget elementor-widget-text-editor\" data-id=\"c817d29\" data-element_type=\"widget\" data-widget_type=\"text-editor.default\">\n\t\t\t\t\t\t\t\t\t<p>Sigui quin sigui el teu projecte, comptar amb un drone com a refer\u00e8ncia visual des de les altures afegeix un valor invaluable, atorgant-te una perspectiva \u00fanica. Tot i que el sector industrial ha enfrontat desafiaments, continua sent essencial en economia i societat. Qualsevol aportaci\u00f3 beneficiosa \u00e9s valuosa. Les imatges industrials ofereixen informaci\u00f3 crucial i oferir atenci\u00f3 personalitzada \u00e9s un avantatge inigualable.<\/p>\t\t\t\t\t\t\t\t<\/div>\n\t\t\t\t\t<\/div>\n\t\t<\/div>\n\t\t\t\t\t<\/div>\n\t\t<\/section>\n\t\t\t\t<section class=\"elementor-section elementor-top-section elementor-element elementor-element-b60e0f5 elementor-reverse-mobile elementor-section-boxed elementor-section-height-default elementor-section-height-default wpr-particle-no wpr-jarallax-no wpr-parallax-no wpr-sticky-section-no\" data-id=\"b60e0f5\" data-element_type=\"section\">\n\t\t\t\t\t\t<div class=\"elementor-container elementor-column-gap-default\">\n\t\t\t\t\t<div class=\"elementor-column elementor-col-50 elementor-top-column elementor-element elementor-element-e0a5230\" data-id=\"e0a5230\" data-element_type=\"column\">\n\t\t\t<div class=\"elementor-widget-wrap elementor-element-populated\">\n\t\t\t\t\t\t<div class=\"elementor-element elementor-element-d85efb0 de_scroll_animation_no elementor-invisible elementor-widget elementor-widget-heading\" data-id=\"d85efb0\" data-element_type=\"widget\" data-settings=\"{&quot;_animation&quot;:&quot;fadeInUp&quot;}\" data-widget_type=\"heading.default\">\n\t\t\t\t\t<h2 class=\"elementor-heading-title elementor-size-large\">Serveis de Fotografies amb Drons per a Noces<\/h2>\t\t\t\t<\/div>\n\t\t\t\t<div class=\"elementor-element elementor-element-f251e99 de_scroll_animation_no elementor-invisible elementor-widget elementor-widget-heading\" data-id=\"f251e99\" data-element_type=\"widget\" data-settings=\"{&quot;_animation&quot;:&quot;fadeInUp&quot;,&quot;_animation_delay&quot;:240}\" data-widget_type=\"heading.default\">\n\t\t\t\t\t<h3 class=\"elementor-heading-title elementor-size-small\">Fotografies amb drones per a casaments:\nImmortalitza un moment \u00fanic<\/h3>\t\t\t\t<\/div>\n\t\t\t\t<div class=\"elementor-element elementor-element-d5c73bf de_scroll_animation_no elementor-widget elementor-widget-text-editor\" data-id=\"d5c73bf\" data-element_type=\"widget\" data-widget_type=\"text-editor.default\">\n\t\t\t\t\t\t\t\t\t<p>Sigui quin sigui el teu projecte, comptar amb un drone com a refer\u00e8ncia visual des de les altures afegeix un valor invaluable, atorgant-te una perspectiva \u00fanica. Tot i que el sector industrial ha enfrontat desafiaments, continua sent essencial en economia i societat. Qualsevol aportaci\u00f3 beneficiosa \u00e9s valuosa. Les imatges industrials ofereixen informaci\u00f3 crucial i oferir atenci\u00f3 personalitzada \u00e9s un avantatge inigualable.<\/p>\t\t\t\t\t\t\t\t<\/div>\n\t\t\t\t\t<\/div>\n\t\t<\/div>\n\t\t\t\t<div class=\"elementor-column elementor-col-50 elementor-top-column elementor-element elementor-element-fc29255\" data-id=\"fc29255\" data-element_type=\"column\">\n\t\t\t<div class=\"elementor-widget-wrap elementor-element-populated\">\n\t\t\t\t\t\t<div class=\"elementor-element elementor-element-be9c733 de_scroll_animation_no elementor-invisible elementor-widget elementor-widget-image\" data-id=\"be9c733\" data-element_type=\"widget\" data-settings=\"{&quot;_animation&quot;:&quot;fadeInLeft&quot;}\" data-widget_type=\"image.default\">\n\t\t\t\t\t\t\t\t\t\t\t\t\t\t\t<img loading=\"lazy\" decoding=\"async\" width=\"1200\" height=\"500\" src=\"https:\/\/www.dronesfera.com\/wp-content\/uploads\/2023\/08\/bride-and-groom-stand-hugging-each-other-on-the-to-2023-02-16-01-00-33-utc.jpg\" class=\"attachment-full size-full wp-image-2678\" alt=\"\" srcset=\"https:\/\/www.dronesfera.com\/wp-content\/uploads\/2023\/08\/bride-and-groom-stand-hugging-each-other-on-the-to-2023-02-16-01-00-33-utc.jpg 1200w, https:\/\/www.dronesfera.com\/wp-content\/uploads\/2023\/08\/bride-and-groom-stand-hugging-each-other-on-the-to-2023-02-16-01-00-33-utc-300x125.jpg 300w, https:\/\/www.dronesfera.com\/wp-content\/uploads\/2023\/08\/bride-and-groom-stand-hugging-each-other-on-the-to-2023-02-16-01-00-33-utc-1024x427.jpg 1024w, https:\/\/www.dronesfera.com\/wp-content\/uploads\/2023\/08\/bride-and-groom-stand-hugging-each-other-on-the-to-2023-02-16-01-00-33-utc-768x320.jpg 768w, https:\/\/www.dronesfera.com\/wp-content\/uploads\/2023\/08\/bride-and-groom-stand-hugging-each-other-on-the-to-2023-02-16-01-00-33-utc-570x238.jpg 570w\" sizes=\"(max-width: 1200px) 100vw, 1200px\" \/>\t\t\t\t\t\t\t\t\t\t\t\t\t\t\t<\/div>\n\t\t\t\t\t<\/div>\n\t\t<\/div>\n\t\t\t\t\t<\/div>\n\t\t<\/section>\n\t\t\t\t<section class=\"elementor-section elementor-top-section elementor-element elementor-element-c2c0d68 elementor-section-boxed elementor-section-height-default elementor-section-height-default wpr-particle-no wpr-jarallax-no wpr-parallax-no wpr-sticky-section-no\" data-id=\"c2c0d68\" data-element_type=\"section\">\n\t\t\t\t\t\t<div class=\"elementor-container elementor-column-gap-default\">\n\t\t\t\t\t<div class=\"elementor-column elementor-col-100 elementor-top-column elementor-element elementor-element-1f0f02e\" data-id=\"1f0f02e\" data-element_type=\"column\">\n\t\t\t<div class=\"elementor-widget-wrap elementor-element-populated\">\n\t\t\t\t\t\t<div class=\"elementor-element elementor-element-08d9f93 de_scroll_animation_no elementor-invisible elementor-widget elementor-widget-heading\" data-id=\"08d9f93\" data-element_type=\"widget\" data-settings=\"{&quot;_animation&quot;:&quot;fadeInUp&quot;}\" data-widget_type=\"heading.default\">\n\t\t\t\t\t<h3 class=\"elementor-heading-title elementor-size-large\"><a href=\"https:\/\/www.dronesfera.com\/ca\/portfolio-grabaciones-con-drones\/\">Mira el nostre Portfoli per con\u00e8ixer la nostra feina\n\nclic aqu\u00ed<br><\/a><\/h3>\t\t\t\t<\/div>\n\t\t\t\t\t<\/div>\n\t\t<\/div>\n\t\t\t\t\t<\/div>\n\t\t<\/section>\n\t\t\t\t<section class=\"elementor-section elementor-top-section elementor-element elementor-element-842d97b elementor-section-boxed elementor-section-height-default elementor-section-height-default wpr-particle-no wpr-jarallax-no wpr-parallax-no wpr-sticky-section-no\" data-id=\"842d97b\" data-element_type=\"section\" data-settings=\"{&quot;background_background&quot;:&quot;classic&quot;}\">\n\t\t\t\t\t\t\t<div class=\"elementor-background-overlay\"><\/div>\n\t\t\t\t\t\t\t<div class=\"elementor-container elementor-column-gap-default\">\n\t\t\t\t\t<div class=\"elementor-column elementor-col-100 elementor-top-column elementor-element elementor-element-5adc69a9\" data-id=\"5adc69a9\" data-element_type=\"column\">\n\t\t\t<div class=\"elementor-widget-wrap elementor-element-populated\">\n\t\t\t\t\t\t<div class=\"elementor-element elementor-element-3d304f2b de_scroll_animation_no elementor-invisible elementor-widget elementor-widget-heading\" data-id=\"3d304f2b\" data-element_type=\"widget\" data-settings=\"{&quot;_animation&quot;:&quot;fadeInUp&quot;}\" data-widget_type=\"heading.default\">\n\t\t\t\t\t<h2 class=\"elementor-heading-title elementor-size-default\">Professional Aerial Shot<\/h2>\t\t\t\t<\/div>\n\t\t\t\t<div class=\"elementor-element elementor-element-4238fc2f de_scroll_animation_no elementor-invisible elementor-widget elementor-widget-heading\" data-id=\"4238fc2f\" data-element_type=\"widget\" data-settings=\"{&quot;_animation&quot;:&quot;fadeInUp&quot;,&quot;_animation_delay&quot;:240}\" data-widget_type=\"heading.default\">\n\t\t\t\t\t<h2 class=\"elementor-heading-title elementor-size-default\">Delivering joy to the world, one drone at a time<\/h2>\t\t\t\t<\/div>\n\t\t\t\t<div class=\"elementor-element elementor-element-4e6b18ff de_scroll_animation_no elementor-invisible elementor-widget elementor-widget-text-editor\" data-id=\"4e6b18ff\" data-element_type=\"widget\" data-settings=\"{&quot;_animation&quot;:&quot;fadeInUp&quot;,&quot;_animation_delay&quot;:480}\" data-widget_type=\"text-editor.default\">\n\t\t\t\t\t\t\t\t\t<p>Lorem ipsum dolor sit amet, consectetur adipiscing elit. Ut elit tellus, luctus nec ullamcorper mattis, pulvinar dapibus leo.<\/p>\t\t\t\t\t\t\t\t<\/div>\n\t\t\t\t<div class=\"elementor-element elementor-element-4bfdc1e8 elementor-align-center de_scroll_animation_no elementor-invisible elementor-widget elementor-widget-button\" data-id=\"4bfdc1e8\" data-element_type=\"widget\" data-settings=\"{&quot;_animation&quot;:&quot;fadeIn&quot;,&quot;_animation_delay&quot;:1080}\" data-widget_type=\"button.default\">\n\t\t\t\t\t\t\t\t\t\t<a class=\"elementor-button elementor-button-link elementor-size-sm\" href=\"#\">\n\t\t\t\t\t\t<span class=\"elementor-button-content-wrapper\">\n\t\t\t\t\t\t\t\t\t<span class=\"elementor-button-text\">Discover More<\/span>\n\t\t\t\t\t<\/span>\n\t\t\t\t\t<\/a>\n\t\t\t\t\t\t\t\t<\/div>\n\t\t\t\t\t<\/div>\n\t\t<\/div>\n\t\t\t\t\t<\/div>\n\t\t<\/section>\n\t\t\t\t<section class=\"elementor-section elementor-top-section elementor-element elementor-element-62328d1 elementor-section-boxed elementor-section-height-default elementor-section-height-default wpr-particle-no wpr-jarallax-no wpr-parallax-no wpr-sticky-section-no\" data-id=\"62328d1\" data-element_type=\"section\">\n\t\t\t\t\t\t<div class=\"elementor-container elementor-column-gap-default\">\n\t\t\t\t\t<div class=\"elementor-column elementor-col-100 elementor-top-column elementor-element elementor-element-1650cb1\" data-id=\"1650cb1\" data-element_type=\"column\">\n\t\t\t<div class=\"elementor-widget-wrap elementor-element-populated\">\n\t\t\t\t\t\t<div class=\"elementor-element elementor-element-7d5360e elementor-view-framed elementor-fixed elementor-hidden-desktop elementor-hidden-tablet elementor-shape-circle elementor-widget elementor-widget-icon\" data-id=\"7d5360e\" data-element_type=\"widget\" data-settings=\"{&quot;_position&quot;:&quot;fixed&quot;,&quot;_animation_mobile&quot;:&quot;fadeInRight&quot;}\" data-widget_type=\"icon.default\">\n\t\t\t\t\t\t\t<div class=\"elementor-icon-wrapper\">\n\t\t\t<a class=\"elementor-icon\" href=\"tel:\/\/611465935\">\n\t\t\t<svg aria-hidden=\"true\" class=\"e-font-icon-svg e-fas-phone\" viewbox=\"0 0 512 512\" xmlns=\"http:\/\/www.w3.org\/2000\/svg\"><path d=\"M493.4 24.6l-104-24c-11.3-2.6-22.9 3.3-27.5 13.9l-48 112c-4.2 9.8-1.4 21.3 6.9 28l60.6 49.6c-36 76.7-98.9 140.5-177.2 177.2l-49.6-60.6c-6.8-8.3-18.2-11.1-28-6.9l-112 48C3.9 366.5-2 378.1.6 389.4l24 104C27.1 504.2 36.7 512 48 512c256.1 0 464-207.5 464-464 0-11.2-7.7-20.9-18.6-23.4z\"><\/path><\/svg>\t\t\t<\/a>\n\t\t<\/div>\n\t\t\t\t\t\t<\/div>\n\t\t\t\t\t<\/div>\n\t\t<\/div>\n\t\t\t\t\t<\/div>\n\t\t<\/section>\n\t\t\t\t<\/div>","protected":false},"excerpt":{"rendered":"<p>Empresa de fotograf\u00eda a\u00e9rea con drones Fotograf\u00eda a\u00e9rea con drones Fotograf\u00edas a\u00e9reas con drone Una marca debe transmitir confianza a trav\u00e9s de sus productos o servicios, y lograrlo se potencia con una imagen profesional. La imagen de marca fusiona lo racional y emocional, destacando cualidades \u00fanicas para destacar en un mercado competitivo. La primera impresi\u00f3n es crucial, y nada captura la atenci\u00f3n como las fotos con drones. Adem\u00e1s, los drones son ideales para grabaciones corporativas, acercando la marca a su p\u00fablico. Potencia tu imagen con drones, conecta de manera \u00fanica y destaca entre la competencia. Fotograf\u00eda corporativa con drone \u00bfPor qu\u00e9 realizar fotos corporativas con drones? Forjar una marca abarca m\u00faltiples facetas del negocio y abraza diversas t\u00e1cticas. La promoci\u00f3n de marca es un pilar estrat\u00e9gico dentro del plan de marketing, donde im\u00e1genes de calidad son vitales para comunicar las ventajas competitivas de tus servicios frente a otros proveedores. Contratar Fotograf\u00edas a\u00e9reas con drones es una gran opci\u00f3n La fotograf\u00eda a\u00e9rea con dron da una perspectiva diferente \u00bfV\u00eddeo con drone o fotograf\u00edas a\u00e9reas? La elecci\u00f3n depende de tu objetivo. El v\u00eddeo aporta movimiento y narrativa, ideal para presentaciones din\u00e1micas. Las fotograf\u00edas a\u00e9reas capturan momentos est\u00e1ticos desde arriba, perfectas para resaltar detalles. Si buscas contar una historia, el v\u00eddeo es tu aliado. Para capturar instant\u00e1neas impactantes, las fotograf\u00edas a\u00e9reas son la opci\u00f3n. \u00a1Comb\u00ednalos seg\u00fan tu visi\u00f3n y crea contenido \u00fanico! Fotograf\u00eda corporativa con dron al mejor precio Las fotograf\u00edas a\u00e9reas corporativas elevaran tu negocio La fotograf\u00eda a\u00e9rea corporativa ofrece una perspectiva \u00fanica y cautivadora de tu empresa. Captura la grandeza de instalaciones, la arquitectura y la extensi\u00f3n de operaciones de una manera impresionante. Estas im\u00e1genes reflejan profesionalismo y visi\u00f3n estrat\u00e9gica, transmitiendo confianza y solidez a tus clientes y socios. Adem\u00e1s, son ideales para presentar proyectos, documentar avances en obras, resaltar ubicaciones estrat\u00e9gicas y crear una imagen diferenciada en el mercado. La fotograf\u00eda a\u00e9rea corporativa no solo ofrece un vistazo excepcional, sino que tambi\u00e9n muestra el compromiso de tu empresa con la innovaci\u00f3n y el dinamismo en la comunicaci\u00f3n visual. Fotograf\u00eda para empresas con drone al mejor precio Las fotograf\u00edas a\u00e9reas corporativas elevaran tu negocio Empresas suelen asignar fondos para su imagen corporativa, y aqu\u00ed es donde las fotos con drones pueden marcar diferencias. Si buscas un enfoque distintivo para tus servicios, tomas a\u00e9reas maximizan tus cualidades. Te recomendamos invertir conscientes de su gran retorno. T\u00e9cnicamente, imagen corporativa son percepciones, conceptos y est\u00edmulos que destacan en un mercado. Crea personalidad \u00fanica recurriendo a fotos droniles, mostrando modernidad y adaptaci\u00f3n. Despierta inter\u00e9s y abre puertas con este enfoque de marketing avanzado. Fotograf\u00eda con drones para industrias Fotograf\u00eda industrial con drone En el impresionante auge de los drones, la grabaci\u00f3n a\u00e9rea aporta una nueva perspectiva al desarrollo de construcciones. Este sector, arraigado en Espa\u00f1a, aprovecha las ventajas droniles. Los planos a\u00e9reos abarcan desde lo estructural hasta la seguridad laboral, crucial aqu\u00ed. Los avances tecnol\u00f3gicos transforman la filmaci\u00f3n y nuestra empresa los integra en drones. Aunque helic\u00f3pteros han sido usados, los drones son vers\u00e1tiles y accesibles. Llegan donde helic\u00f3pteros no pueden y a menor costo. Fotograf\u00eda para seguimiento de obras con drones Fotograf\u00eda con drones para el seguimiento de obras es impresionante Sea cual sea tu proyecto, contar con un drone como referencia visual desde las alturas a\u00f1ade un valor invaluable, otorg\u00e1ndote una perspectiva \u00fanica. Aunque el sector industrial ha enfrentado desaf\u00edos, sigue siendo esencial en econom\u00eda y sociedad. Cualquier aporte beneficioso es valioso. Las im\u00e1genes industriales brindan informaci\u00f3n crucial y brindar atenci\u00f3n personalizada es una ventaja inigualable. Servicios de Fotograf\u00edas con Drones para Bodas Fotograf\u00edas con drones para bodas: Inmortaliza un momento unico Sea cual sea tu proyecto, contar con un drone como referencia visual desde las alturas a\u00f1ade un valor invaluable, otorg\u00e1ndote una perspectiva \u00fanica. Aunque el sector industrial ha enfrentado desaf\u00edos, sigue siendo esencial en econom\u00eda y sociedad. Cualquier aporte beneficioso es valioso. Las im\u00e1genes industriales brindan informaci\u00f3n crucial y brindar atenci\u00f3n personalizada es una ventaja inigualable. Mira nuestra Portfolio para conocer nuestro trabajo click aqu\u00ed Professional Aerial Shot Delivering joy to the world, one drone at a time Lorem fistrum por la gloria de mi madre esse jarl aliqua llevame al sircoo. De la pradera ullamco qu\u00e9 dise usteer est\u00e1 la cosa muy malar. Discover More<\/p>","protected":false},"author":1,"featured_media":0,"parent":0,"menu_order":0,"comment_status":"closed","ping_status":"closed","template":"elementor_header_footer","meta":{"footnotes":""},"class_list":["post-2116","page","type-page","status-publish"],"yoast_head":"<!-- This site is optimized with the Yoast SEO plugin v25.7 - https:\/\/yoast.com\/wordpress\/plugins\/seo\/ -->\n<title>Fotograf\u00eda a\u00e9rea con drones - Dronesfera<\/title>\n<meta name=\"description\" content=\"Con nuestra fotograf\u00eda a\u00e9rea con drones destacaras por encima de los dem\u00e1s as\u00ed consigui\u00e9ndote desmarcar!\" \/>\n<meta name=\"robots\" content=\"index, follow, max-snippet:-1, max-image-preview:large, max-video-preview:-1\" \/>\n<link rel=\"canonical\" href=\"https:\/\/www.dronesfera.com\/ca\/fotografia-aerea\/\" \/>\n<meta property=\"og:locale\" content=\"ca_ES\" \/>\n<meta property=\"og:type\" content=\"article\" \/>\n<meta property=\"og:title\" content=\"Fotograf\u00eda a\u00e9rea con drones - Dronesfera\" \/>\n<meta property=\"og:description\" content=\"Con nuestra fotograf\u00eda a\u00e9rea con drones destacaras por encima de los dem\u00e1s as\u00ed consigui\u00e9ndote desmarcar!\" \/>\n<meta property=\"og:url\" content=\"https:\/\/www.dronesfera.com\/ca\/fotografia-aerea\/\" \/>\n<meta property=\"og:site_name\" content=\"Dronesfera\" \/>\n<meta property=\"article:modified_time\" content=\"2023-08-29T01:11:14+00:00\" \/>\n<meta property=\"og:image\" content=\"https:\/\/www.dronesfera.com\/wp-content\/uploads\/2023\/08\/13082023-DJI_0963-1.jpg\" \/>\n<meta name=\"twitter:card\" content=\"summary_large_image\" \/>\n<meta name=\"twitter:label1\" content=\"Temps estimat de lectura\" \/>\n\t<meta name=\"twitter:data1\" content=\"5 minuts\" \/>\n<script type=\"application\/ld+json\" class=\"yoast-schema-graph\">{\"@context\":\"https:\/\/schema.org\",\"@graph\":[{\"@type\":\"WebPage\",\"@id\":\"https:\/\/www.dronesfera.com\/fotografia-aerea\/\",\"url\":\"https:\/\/www.dronesfera.com\/fotografia-aerea\/\",\"name\":\"Fotograf\u00eda a\u00e9rea con drones - Dronesfera\",\"isPartOf\":{\"@id\":\"https:\/\/www.dronesfera.com\/#website\"},\"primaryImageOfPage\":{\"@id\":\"https:\/\/www.dronesfera.com\/fotografia-aerea\/#primaryimage\"},\"image\":{\"@id\":\"https:\/\/www.dronesfera.com\/fotografia-aerea\/#primaryimage\"},\"thumbnailUrl\":\"https:\/\/www.dronesfera.com\/wp-content\/uploads\/2023\/08\/13082023-DJI_0963-1.jpg\",\"datePublished\":\"2023-08-10T11:22:03+00:00\",\"dateModified\":\"2023-08-29T01:11:14+00:00\",\"description\":\"Con nuestra fotograf\u00eda a\u00e9rea con drones destacaras por encima de los dem\u00e1s as\u00ed consigui\u00e9ndote desmarcar!\",\"breadcrumb\":{\"@id\":\"https:\/\/www.dronesfera.com\/fotografia-aerea\/#breadcrumb\"},\"inLanguage\":\"ca\",\"potentialAction\":[{\"@type\":\"ReadAction\",\"target\":[\"https:\/\/www.dronesfera.com\/fotografia-aerea\/\"]}]},{\"@type\":\"ImageObject\",\"inLanguage\":\"ca\",\"@id\":\"https:\/\/www.dronesfera.com\/fotografia-aerea\/#primaryimage\",\"url\":\"https:\/\/www.dronesfera.com\/wp-content\/uploads\/2023\/08\/13082023-DJI_0963-1.jpg\",\"contentUrl\":\"https:\/\/www.dronesfera.com\/wp-content\/uploads\/2023\/08\/13082023-DJI_0963-1.jpg\"},{\"@type\":\"BreadcrumbList\",\"@id\":\"https:\/\/www.dronesfera.com\/fotografia-aerea\/#breadcrumb\",\"itemListElement\":[{\"@type\":\"ListItem\",\"position\":1,\"name\":\"Portada\",\"item\":\"https:\/\/www.dronesfera.com\/\"},{\"@type\":\"ListItem\",\"position\":2,\"name\":\"Fotograf\u00eda A\u00e9rea\"}]},{\"@type\":\"WebSite\",\"@id\":\"https:\/\/www.dronesfera.com\/#website\",\"url\":\"https:\/\/www.dronesfera.com\/\",\"name\":\"Dronesfera\",\"description\":\"Web para contratar piloto de drone y hacer grabaciones a&eacute;reas\",\"publisher\":{\"@id\":\"https:\/\/www.dronesfera.com\/#organization\"},\"alternateName\":\"La empresa de drones que lleva tus proyectos a otro nivel\",\"potentialAction\":[{\"@type\":\"SearchAction\",\"target\":{\"@type\":\"EntryPoint\",\"urlTemplate\":\"https:\/\/www.dronesfera.com\/?s={search_term_string}\"},\"query-input\":{\"@type\":\"PropertyValueSpecification\",\"valueRequired\":true,\"valueName\":\"search_term_string\"}}],\"inLanguage\":\"ca\"},{\"@type\":\"Organization\",\"@id\":\"https:\/\/www.dronesfera.com\/#organization\",\"name\":\"Dronesfera\",\"alternateName\":\"La empresa de drones que lleva tus proyectos a otro nivel\",\"url\":\"https:\/\/www.dronesfera.com\/\",\"logo\":{\"@type\":\"ImageObject\",\"inLanguage\":\"ca\",\"@id\":\"https:\/\/www.dronesfera.com\/#\/schema\/logo\/image\/\",\"url\":\"https:\/\/www.dronesfera.com\/wp-content\/uploads\/2023\/08\/logo12_21_185449-1.png\",\"contentUrl\":\"https:\/\/www.dronesfera.com\/wp-content\/uploads\/2023\/08\/logo12_21_185449-1.png\",\"width\":1000,\"height\":1000,\"caption\":\"Dronesfera\"},\"image\":{\"@id\":\"https:\/\/www.dronesfera.com\/#\/schema\/logo\/image\/\"}}]}<\/script>\n<!-- \/ Yoast SEO plugin. -->","yoast_head_json":{"title":"Fotograf\u00eda a\u00e9rea con drones - Dronesfera","description":"Con nuestra fotograf\u00eda a\u00e9rea con drones destacaras por encima de los dem\u00e1s as\u00ed consigui\u00e9ndote desmarcar!","robots":{"index":"index","follow":"follow","max-snippet":"max-snippet:-1","max-image-preview":"max-image-preview:large","max-video-preview":"max-video-preview:-1"},"canonical":"https:\/\/www.dronesfera.com\/ca\/fotografia-aerea\/","og_locale":"ca_ES","og_type":"article","og_title":"Fotograf\u00eda a\u00e9rea con drones - Dronesfera","og_description":"Con nuestra fotograf\u00eda a\u00e9rea con drones destacaras por encima de los dem\u00e1s as\u00ed consigui\u00e9ndote desmarcar!","og_url":"https:\/\/www.dronesfera.com\/ca\/fotografia-aerea\/","og_site_name":"Dronesfera","article_modified_time":"2023-08-29T01:11:14+00:00","og_image":[{"url":"https:\/\/www.dronesfera.com\/wp-content\/uploads\/2023\/08\/13082023-DJI_0963-1.jpg","type":"","width":"","height":""}],"twitter_card":"summary_large_image","twitter_misc":{"Temps estimat de lectura":"5 minuts"},"schema":{"@context":"https:\/\/schema.org","@graph":[{"@type":"WebPage","@id":"https:\/\/www.dronesfera.com\/fotografia-aerea\/","url":"https:\/\/www.dronesfera.com\/fotografia-aerea\/","name":"Fotograf\u00eda a\u00e9rea con drones - Dronesfera","isPartOf":{"@id":"https:\/\/www.dronesfera.com\/#website"},"primaryImageOfPage":{"@id":"https:\/\/www.dronesfera.com\/fotografia-aerea\/#primaryimage"},"image":{"@id":"https:\/\/www.dronesfera.com\/fotografia-aerea\/#primaryimage"},"thumbnailUrl":"https:\/\/www.dronesfera.com\/wp-content\/uploads\/2023\/08\/13082023-DJI_0963-1.jpg","datePublished":"2023-08-10T11:22:03+00:00","dateModified":"2023-08-29T01:11:14+00:00","description":"Con nuestra fotograf\u00eda a\u00e9rea con drones destacaras por encima de los dem\u00e1s as\u00ed consigui\u00e9ndote desmarcar!","breadcrumb":{"@id":"https:\/\/www.dronesfera.com\/fotografia-aerea\/#breadcrumb"},"inLanguage":"ca","potentialAction":[{"@type":"ReadAction","target":["https:\/\/www.dronesfera.com\/fotografia-aerea\/"]}]},{"@type":"ImageObject","inLanguage":"ca","@id":"https:\/\/www.dronesfera.com\/fotografia-aerea\/#primaryimage","url":"https:\/\/www.dronesfera.com\/wp-content\/uploads\/2023\/08\/13082023-DJI_0963-1.jpg","contentUrl":"https:\/\/www.dronesfera.com\/wp-content\/uploads\/2023\/08\/13082023-DJI_0963-1.jpg"},{"@type":"BreadcrumbList","@id":"https:\/\/www.dronesfera.com\/fotografia-aerea\/#breadcrumb","itemListElement":[{"@type":"ListItem","position":1,"name":"Portada","item":"https:\/\/www.dronesfera.com\/"},{"@type":"ListItem","position":2,"name":"Fotograf\u00eda A\u00e9rea"}]},{"@type":"WebSite","@id":"https:\/\/www.dronesfera.com\/#website","url":"https:\/\/www.dronesfera.com\/","name":"Dronesfera","description":"Web para contratar piloto de drone y hacer grabaciones a&eacute;reas","publisher":{"@id":"https:\/\/www.dronesfera.com\/#organization"},"alternateName":"La empresa de drones que lleva tus proyectos a otro nivel","potentialAction":[{"@type":"SearchAction","target":{"@type":"EntryPoint","urlTemplate":"https:\/\/www.dronesfera.com\/?s={search_term_string}"},"query-input":{"@type":"PropertyValueSpecification","valueRequired":true,"valueName":"search_term_string"}}],"inLanguage":"ca"},{"@type":"Organization","@id":"https:\/\/www.dronesfera.com\/#organization","name":"Dronesfera","alternateName":"La empresa de drones que lleva tus proyectos a otro nivel","url":"https:\/\/www.dronesfera.com\/","logo":{"@type":"ImageObject","inLanguage":"ca","@id":"https:\/\/www.dronesfera.com\/#\/schema\/logo\/image\/","url":"https:\/\/www.dronesfera.com\/wp-content\/uploads\/2023\/08\/logo12_21_185449-1.png","contentUrl":"https:\/\/www.dronesfera.com\/wp-content\/uploads\/2023\/08\/logo12_21_185449-1.png","width":1000,"height":1000,"caption":"Dronesfera"},"image":{"@id":"https:\/\/www.dronesfera.com\/#\/schema\/logo\/image\/"}}]}},"_links":{"self":[{"href":"https:\/\/www.dronesfera.com\/ca\/wp-json\/wp\/v2\/pages\/2116","targetHints":{"allow":["GET"]}}],"collection":[{"href":"https:\/\/www.dronesfera.com\/ca\/wp-json\/wp\/v2\/pages"}],"about":[{"href":"https:\/\/www.dronesfera.com\/ca\/wp-json\/wp\/v2\/types\/page"}],"author":[{"embeddable":true,"href":"https:\/\/www.dronesfera.com\/ca\/wp-json\/wp\/v2\/users\/1"}],"replies":[{"embeddable":true,"href":"https:\/\/www.dronesfera.com\/ca\/wp-json\/wp\/v2\/comments?post=2116"}],"version-history":[{"count":0,"href":"https:\/\/www.dronesfera.com\/ca\/wp-json\/wp\/v2\/pages\/2116\/revisions"}],"wp:attachment":[{"href":"https:\/\/www.dronesfera.com\/ca\/wp-json\/wp\/v2\/media?parent=2116"}],"curies":[{"name":"wp","href":"https:\/\/api.w.org\/{rel}","templated":true}]}}